{"id":263832,"date":"2024-01-02T18:37:41","date_gmt":"2024-01-02T18:37:41","guid":{"rendered":"https:\/\/www.ilfrantoiosaporito.it\/?post_type=product&#038;p=263832"},"modified":"2026-04-02T08:47:34","modified_gmt":"2026-04-02T08:47:34","slug":"natives-olivenoel-extra-roma-g-g-a","status":"publish","type":"product","link":"https:\/\/www.ilfrantoiosaporito.it\/de\/produkt\/natives-olivenoel-extra-roma-g-g-a\/","title":{"rendered":"Natives Oliven\u00f6l Extra ROMA g.g.A."},"content":{"rendered":"<p>VON MUTTER ERDE, MIT LIEBE, AUF IHREN TISCH Kaltgepresstes \u00d6l aus in Italien produzierten Oliven. Natives Oliven\u00f6l Extra der h\u00f6chsten Kategorie, das direkt aus Oliven und ausschlie\u00dflich durch mechanische Verfahren gewonnen wird. OLIVENERNTESISON NOVEMBER 2026 Oliven produziert und geerntet von: Azienda Agricola IL FRANTOIO di SAPORITO e GUMARI Via S. Filippo snc 02031 &#8211; Castelnuovo di Farfa (RI) \u00d6l gepresst und verpackt von: Azienda Agricola Saporito CASTELNUOVO DI FARFA (RI) Loc. Valle di Rose snc Zertifiziert durch eine vom zust\u00e4ndigen Ministerium zugelassene Kontrollstelle<\/p>\n","protected":false},"excerpt":{"rendered":"<p>Natives Oliven\u00f6l Extra &lt;strong&gt;Monokultivar Carboncella&lt;\/strong&gt;<br \/>\nUnser natives Oliven\u00f6l Extra ist durch die gesch\u00fctzte geografische Angabe &lt;strong&gt;ROMA g.g.A.&lt;\/strong&gt; zertifiziert und gew\u00e4hrleistet dessen Echtheit und unverwechselbare Qualit\u00e4t.<\/p>\n","protected":false},"featured_media":264239,"comment_status":"open","ping_status":"closed","template":"","meta":{"_et_pb_use_builder":"","_et_pb_old_content":"","_et_gb_content_width":"","cybocfi_hide_featured_image":""},"product_brand":[],"product_cat":[190],"product_tag":[],"class_list":{"0":"post-263832","1":"product","2":"type-product","3":"status-publish","4":"has-post-thumbnail","6":"product_cat-igp-de","8":"first","9":"instock","10":"taxable","11":"shipping-taxable","12":"purchasable","13":"product-type-variable"},"yoast_head":"<!-- This site is optimized with the Yoast SEO plugin v27.2 - https:\/\/yoast.com\/product\/yoast-seo-wordpress\/ -->\n<title>Natives Oliven\u00f6l Extra ROMA g.g.A. - Azienda agricola Saporito l&#039;olio extravergine di oliva<\/title>\n<meta name=\"robots\" content=\"index, follow, max-snippet:-1, max-image-preview:large, max-video-preview:-1\" \/>\n<link rel=\"canonical\" href=\"https:\/\/www.ilfrantoiosaporito.it\/de\/produkt\/natives-olivenoel-extra-roma-g-g-a\/\" \/>\n<meta property=\"og:locale\" content=\"de_DE\" \/>\n<meta property=\"og:type\" content=\"article\" \/>\n<meta property=\"og:title\" content=\"Natives Oliven\u00f6l Extra ROMA g.g.A. - Azienda agricola Saporito l&#039;olio extravergine di oliva\" \/>\n<meta property=\"og:description\" content=\"Natives Oliven\u00f6l Extra &lt;strong&gt;Monokultivar Carboncella&lt;\/strong&gt; Unser natives Oliven\u00f6l Extra ist durch die gesch\u00fctzte geografische Angabe &lt;strong&gt;ROMA g.g.A.&lt;\/strong&gt; zertifiziert und gew\u00e4hrleistet dessen Echtheit und unverwechselbare Qualit\u00e4t.\" \/>\n<meta property=\"og:url\" content=\"https:\/\/www.ilfrantoiosaporito.it\/de\/produkt\/natives-olivenoel-extra-roma-g-g-a\/\" \/>\n<meta property=\"og:site_name\" content=\"Azienda agricola Saporito l&#039;olio extravergine di oliva\" \/>\n<meta property=\"article:modified_time\" content=\"2026-04-02T08:47:34+00:00\" \/>\n<meta property=\"og:image\" content=\"https:\/\/www.ilfrantoiosaporito.it\/wp-content\/uploads\/2024\/01\/Olio-extravergine-di-oliva-azienda-agricola-Saporito-IGP-ROMA_.jpg\" \/>\n\t<meta property=\"og:image:width\" content=\"1980\" \/>\n\t<meta property=\"og:image:height\" content=\"1980\" \/>\n\t<meta property=\"og:image:type\" content=\"image\/jpeg\" \/>\n<meta name=\"twitter:card\" content=\"summary_large_image\" \/>\n<script type=\"application\/ld+json\" class=\"yoast-schema-graph\">{\"@context\":\"https:\/\/schema.org\",\"@graph\":[{\"@type\":\"WebPage\",\"@id\":\"https:\/\/www.ilfrantoiosaporito.it\/de\/produkt\/natives-olivenoel-extra-roma-g-g-a\/\",\"url\":\"https:\/\/www.ilfrantoiosaporito.it\/de\/produkt\/natives-olivenoel-extra-roma-g-g-a\/\",\"name\":\"Natives Oliven\u00f6l Extra ROMA g.g.A. - Azienda agricola Saporito l&#039;olio extravergine di oliva\",\"isPartOf\":{\"@id\":\"https:\/\/www.ilfrantoiosaporito.it\/de\/#website\"},\"primaryImageOfPage\":{\"@id\":\"https:\/\/www.ilfrantoiosaporito.it\/de\/produkt\/natives-olivenoel-extra-roma-g-g-a\/#primaryimage\"},\"image\":{\"@id\":\"https:\/\/www.ilfrantoiosaporito.it\/de\/produkt\/natives-olivenoel-extra-roma-g-g-a\/#primaryimage\"},\"thumbnailUrl\":\"https:\/\/www.ilfrantoiosaporito.it\/wp-content\/uploads\/2024\/01\/Olio-Extravergine-di-oliva-5L-IGP.jpg.jpg\",\"datePublished\":\"2024-01-02T18:37:41+00:00\",\"dateModified\":\"2026-04-02T08:47:34+00:00\",\"breadcrumb\":{\"@id\":\"https:\/\/www.ilfrantoiosaporito.it\/de\/produkt\/natives-olivenoel-extra-roma-g-g-a\/#breadcrumb\"},\"inLanguage\":\"de\",\"potentialAction\":[{\"@type\":\"ReadAction\",\"target\":[\"https:\/\/www.ilfrantoiosaporito.it\/de\/produkt\/natives-olivenoel-extra-roma-g-g-a\/\"]}]},{\"@type\":\"ImageObject\",\"inLanguage\":\"de\",\"@id\":\"https:\/\/www.ilfrantoiosaporito.it\/de\/produkt\/natives-olivenoel-extra-roma-g-g-a\/#primaryimage\",\"url\":\"https:\/\/www.ilfrantoiosaporito.it\/wp-content\/uploads\/2024\/01\/Olio-Extravergine-di-oliva-5L-IGP.jpg.jpg\",\"contentUrl\":\"https:\/\/www.ilfrantoiosaporito.it\/wp-content\/uploads\/2024\/01\/Olio-Extravergine-di-oliva-5L-IGP.jpg.jpg\",\"width\":1280,\"height\":1280},{\"@type\":\"BreadcrumbList\",\"@id\":\"https:\/\/www.ilfrantoiosaporito.it\/de\/produkt\/natives-olivenoel-extra-roma-g-g-a\/#breadcrumb\",\"itemListElement\":[{\"@type\":\"ListItem\",\"position\":1,\"name\":\"Home\",\"item\":\"https:\/\/www.ilfrantoiosaporito.it\/de\/\"},{\"@type\":\"ListItem\",\"position\":2,\"name\":\"Shop\",\"item\":\"https:\/\/www.ilfrantoiosaporito.it\/de\/shop\/\"},{\"@type\":\"ListItem\",\"position\":3,\"name\":\"Natives Oliven\u00f6l Extra ROMA g.g.A.\"}]},{\"@type\":\"WebSite\",\"@id\":\"https:\/\/www.ilfrantoiosaporito.it\/de\/#website\",\"url\":\"https:\/\/www.ilfrantoiosaporito.it\/de\/\",\"name\":\"Azienda agricola Saporito l&#039;olio extravergine di oliva\",\"description\":\"Azienda Agricola Saporito In Sabina l&#039;olivo \u00e8 coltivato da millenni \",\"potentialAction\":[{\"@type\":\"SearchAction\",\"target\":{\"@type\":\"EntryPoint\",\"urlTemplate\":\"https:\/\/www.ilfrantoiosaporito.it\/de\/?s={search_term_string}\"},\"query-input\":{\"@type\":\"PropertyValueSpecification\",\"valueRequired\":true,\"valueName\":\"search_term_string\"}}],\"inLanguage\":\"de\"}]}<\/script>\n<!-- \/ Yoast SEO plugin. -->","yoast_head_json":{"title":"Natives Oliven\u00f6l Extra ROMA g.g.A. - Azienda agricola Saporito l&#039;olio extravergine di oliva","robots":{"index":"index","follow":"follow","max-snippet":"max-snippet:-1","max-image-preview":"max-image-preview:large","max-video-preview":"max-video-preview:-1"},"canonical":"https:\/\/www.ilfrantoiosaporito.it\/de\/produkt\/natives-olivenoel-extra-roma-g-g-a\/","og_locale":"de_DE","og_type":"article","og_title":"Natives Oliven\u00f6l Extra ROMA g.g.A. - Azienda agricola Saporito l&#039;olio extravergine di oliva","og_description":"Natives Oliven\u00f6l Extra &lt;strong&gt;Monokultivar Carboncella&lt;\/strong&gt; Unser natives Oliven\u00f6l Extra ist durch die gesch\u00fctzte geografische Angabe &lt;strong&gt;ROMA g.g.A.&lt;\/strong&gt; zertifiziert und gew\u00e4hrleistet dessen Echtheit und unverwechselbare Qualit\u00e4t.","og_url":"https:\/\/www.ilfrantoiosaporito.it\/de\/produkt\/natives-olivenoel-extra-roma-g-g-a\/","og_site_name":"Azienda agricola Saporito l&#039;olio extravergine di oliva","article_modified_time":"2026-04-02T08:47:34+00:00","og_image":[{"width":1980,"height":1980,"url":"https:\/\/www.ilfrantoiosaporito.it\/wp-content\/uploads\/2024\/01\/Olio-extravergine-di-oliva-azienda-agricola-Saporito-IGP-ROMA_.jpg","type":"image\/jpeg"}],"twitter_card":"summary_large_image","schema":{"@context":"https:\/\/schema.org","@graph":[{"@type":"WebPage","@id":"https:\/\/www.ilfrantoiosaporito.it\/de\/produkt\/natives-olivenoel-extra-roma-g-g-a\/","url":"https:\/\/www.ilfrantoiosaporito.it\/de\/produkt\/natives-olivenoel-extra-roma-g-g-a\/","name":"Natives Oliven\u00f6l Extra ROMA g.g.A. - Azienda agricola Saporito l&#039;olio extravergine di oliva","isPartOf":{"@id":"https:\/\/www.ilfrantoiosaporito.it\/de\/#website"},"primaryImageOfPage":{"@id":"https:\/\/www.ilfrantoiosaporito.it\/de\/produkt\/natives-olivenoel-extra-roma-g-g-a\/#primaryimage"},"image":{"@id":"https:\/\/www.ilfrantoiosaporito.it\/de\/produkt\/natives-olivenoel-extra-roma-g-g-a\/#primaryimage"},"thumbnailUrl":"https:\/\/www.ilfrantoiosaporito.it\/wp-content\/uploads\/2024\/01\/Olio-Extravergine-di-oliva-5L-IGP.jpg.jpg","datePublished":"2024-01-02T18:37:41+00:00","dateModified":"2026-04-02T08:47:34+00:00","breadcrumb":{"@id":"https:\/\/www.ilfrantoiosaporito.it\/de\/produkt\/natives-olivenoel-extra-roma-g-g-a\/#breadcrumb"},"inLanguage":"de","potentialAction":[{"@type":"ReadAction","target":["https:\/\/www.ilfrantoiosaporito.it\/de\/produkt\/natives-olivenoel-extra-roma-g-g-a\/"]}]},{"@type":"ImageObject","inLanguage":"de","@id":"https:\/\/www.ilfrantoiosaporito.it\/de\/produkt\/natives-olivenoel-extra-roma-g-g-a\/#primaryimage","url":"https:\/\/www.ilfrantoiosaporito.it\/wp-content\/uploads\/2024\/01\/Olio-Extravergine-di-oliva-5L-IGP.jpg.jpg","contentUrl":"https:\/\/www.ilfrantoiosaporito.it\/wp-content\/uploads\/2024\/01\/Olio-Extravergine-di-oliva-5L-IGP.jpg.jpg","width":1280,"height":1280},{"@type":"BreadcrumbList","@id":"https:\/\/www.ilfrantoiosaporito.it\/de\/produkt\/natives-olivenoel-extra-roma-g-g-a\/#breadcrumb","itemListElement":[{"@type":"ListItem","position":1,"name":"Home","item":"https:\/\/www.ilfrantoiosaporito.it\/de\/"},{"@type":"ListItem","position":2,"name":"Shop","item":"https:\/\/www.ilfrantoiosaporito.it\/de\/shop\/"},{"@type":"ListItem","position":3,"name":"Natives Oliven\u00f6l Extra ROMA g.g.A."}]},{"@type":"WebSite","@id":"https:\/\/www.ilfrantoiosaporito.it\/de\/#website","url":"https:\/\/www.ilfrantoiosaporito.it\/de\/","name":"Azienda agricola Saporito l&#039;olio extravergine di oliva","description":"Azienda Agricola Saporito In Sabina l&#039;olivo \u00e8 coltivato da millenni ","potentialAction":[{"@type":"SearchAction","target":{"@type":"EntryPoint","urlTemplate":"https:\/\/www.ilfrantoiosaporito.it\/de\/?s={search_term_string}"},"query-input":{"@type":"PropertyValueSpecification","valueRequired":true,"valueName":"search_term_string"}}],"inLanguage":"de"}]}},"_links":{"self":[{"href":"https:\/\/www.ilfrantoiosaporito.it\/de\/wp-json\/wp\/v2\/product\/263832","targetHints":{"allow":["GET"]}}],"collection":[{"href":"https:\/\/www.ilfrantoiosaporito.it\/de\/wp-json\/wp\/v2\/product"}],"about":[{"href":"https:\/\/www.ilfrantoiosaporito.it\/de\/wp-json\/wp\/v2\/types\/product"}],"replies":[{"embeddable":true,"href":"https:\/\/www.ilfrantoiosaporito.it\/de\/wp-json\/wp\/v2\/comments?post=263832"}],"wp:featuredmedia":[{"embeddable":true,"href":"https:\/\/www.ilfrantoiosaporito.it\/de\/wp-json\/wp\/v2\/media\/264239"}],"wp:attachment":[{"href":"https:\/\/www.ilfrantoiosaporito.it\/de\/wp-json\/wp\/v2\/media?parent=263832"}],"wp:term":[{"taxonomy":"product_brand","embeddable":true,"href":"https:\/\/www.ilfrantoiosaporito.it\/de\/wp-json\/wp\/v2\/product_brand?post=263832"},{"taxonomy":"product_cat","embeddable":true,"href":"https:\/\/www.ilfrantoiosaporito.it\/de\/wp-json\/wp\/v2\/product_cat?post=263832"},{"taxonomy":"product_tag","embeddable":true,"href":"https:\/\/www.ilfrantoiosaporito.it\/de\/wp-json\/wp\/v2\/product_tag?post=263832"}],"curies":[{"name":"wp","href":"https:\/\/api.w.org\/{rel}","templated":true}]}}