{"id":263410,"date":"2024-01-01T18:16:37","date_gmt":"2024-01-01T18:16:37","guid":{"rendered":"https:\/\/www.ilfrantoiosaporito.it\/prodotto\/olio-extravergine-di-oliva-in-latta\/"},"modified":"2025-10-03T04:50:32","modified_gmt":"2025-10-03T04:50:32","slug":"natives-olivenoel-extra-in-der-dose","status":"publish","type":"product","link":"https:\/\/www.ilfrantoiosaporito.it\/de\/produkt\/natives-olivenoel-extra-in-der-dose\/","title":{"rendered":"Natives Oliven\u00f6l Extra in der Dose"},"content":{"rendered":"<p data-start=\"5446\" data-end=\"5475\"><strong data-start=\"5446\" data-end=\"5473\">\ud83c\udf43 Sensorisches Profil:<\/strong><\/p>\n<ul data-start=\"5476\" data-end=\"5670\">\n<li data-start=\"5476\" data-end=\"5536\"><strong data-start=\"5478\" data-end=\"5488\">Farbe:<\/strong> Helles Gr\u00fcn mit eleganten goldgelben Reflexen<\/li>\n<li data-start=\"5537\" data-end=\"5608\"><strong data-start=\"5539\" data-end=\"5548\">Duft:<\/strong> Intensiv fruchtig, mit Noten von frischem Gras und Distel<\/li>\n<li data-start=\"5609\" data-end=\"5670\"><strong data-start=\"5611\" data-end=\"5625\">Geschmack:<\/strong> Mittel fruchtig, harmonisch und ausgewogen<\/li>\n<\/ul>\n<p data-start=\"5672\" data-end=\"5906\"><strong data-start=\"5672\" data-end=\"5706\">\ud83c\udf7d\ufe0f Kulinarische Empfehlungen:<\/strong><br data-start=\"5706\" data-end=\"5709\" \/>Ideal zum Verfeinern von rohen Fischgerichten, gegrilltem Fleisch, frischen Salaten und Gem\u00fcse. Perfekt auch f\u00fcr Suppen, H\u00fclsenfr\u00fcchte, Bruschetta und um jede kulinarische Kreation zu bereichern.<\/p>\n<p data-start=\"5908\" data-end=\"6047\"><strong data-start=\"5908\" data-end=\"5924\">\ud83d\udce6 Lagerung:<\/strong><br data-start=\"5924\" data-end=\"5927\" \/>Bewahren Sie das \u00d6l an einem k\u00fchlen, trockenen Ort auf, fern von Licht und W\u00e4rmequellen. Optimale Temperatur: 15-18\u00b0C.<\/p>\n","protected":false},"excerpt":{"rendered":"<p data-start=\"4924\" data-end=\"5174\">Bringen Sie den authentischen Geschmack der Sabina auf Ihren Tisch mit unserem biologischen, nativen Oliven\u00f6l extra, gewonnen aus den besten Olivensorten <em data-start=\"5078\" data-end=\"5087\">Leccino<\/em>, <em data-start=\"5089\" data-end=\"5099\">Frantoio<\/em> und <em data-start=\"5104\" data-end=\"5110\">Raja<\/em>, geerntet in der malerischen Region <strong data-start=\"5147\" data-end=\"5171\">Castelnuovo di Farfa<\/strong>.<\/p>\n<p data-start=\"5176\" data-end=\"5199\"><strong data-start=\"5176\" data-end=\"5197\">\ud83c\udf3f Eigenschaften:<\/strong><\/p>\n<ul data-start=\"5200\" data-end=\"5444\">\n<li data-start=\"5200\" data-end=\"5252\"><strong data-start=\"5202\" data-end=\"5213\">Format:<\/strong> Kanister erh\u00e4ltlich in 1L, 3L und 5L<\/li>\n<li data-start=\"5253\" data-end=\"5282\"><strong data-start=\"5255\" data-end=\"5265\">Ernte:<\/strong> Saison 2025\/26<\/li>\n<li data-start=\"5283\" data-end=\"5334\"><strong data-start=\"5285\" data-end=\"5304\">Zertifizierung:<\/strong> 100% Bio und r\u00fcckverfolgbar<\/li>\n<li data-start=\"5335\" data-end=\"5380\"><strong data-start=\"5337\" data-end=\"5348\">Sorten:<\/strong> <em data-start=\"5349\" data-end=\"5358\">Leccino<\/em>, <em data-start=\"5360\" data-end=\"5370\">Frantoio<\/em>, <em data-start=\"5372\" data-end=\"5378\">Raja<\/em><\/li>\n<li data-start=\"5381\" data-end=\"5444\"><strong data-start=\"5383\" data-end=\"5396\">Herkunft:<\/strong> 100% Italienisch, vom Anbau bis zur Abf\u00fcllung<\/li>\n<\/ul>\n","protected":false},"featured_media":258677,"comment_status":"open","ping_status":"closed","template":"","meta":{"_et_pb_use_builder":"off","_et_pb_old_content":"olio extra vergine di oliva bio 3 litri\r\nFRANTOIO\u00a0 ideale per condire a crudo, pesce ,carni ed insalate \"Confezione : LATTA\r\nFormat1 : 1 LT | 3 LT | 5 LT\r\nRaccolta : <strong>2023\/24<\/strong>\r\nTipologia :OLIO EXTRA VERGINE DI OLIVA \u00e8 tracciato, e certificato Biologico.\r\nSapore : FRUTTATO MEDIO\r\nCertificazione :BIO\r\nCultivar :LECCINO - FRANTOIO - RAJA .\r\nOrigine :100% olio extravergine di oliva prodotto, imbottigliato e confezionato in Italia da olive raccolte in Italia.\r\nRegione Frantoio :Castelnuovo di farfa\r\nConservazione : In luogo fresco ed asciutto, al riparo dalla luce e da fonti di calore. Temperatura ottimale: 15-18\u00b0C.\" \"Colore: verde con riflessi giallo oro.\r\nProfumo: fruttato intenso, con note erbacee e di cardo.\r\nGusto: fruttato MEDIO.\r\nAbbinamento in cucina: condimento di verdure, legumi, zuppe, bruschette, carni alla brace.\"","_et_gb_content_width":"","cybocfi_hide_featured_image":""},"product_brand":[],"product_cat":[184],"product_tag":[],"class_list":{"0":"post-263410","1":"product","2":"type-product","3":"status-publish","4":"has-post-thumbnail","6":"product_cat-olio-extravergine-di-oliva-in-latta-de","8":"first","9":"instock","10":"taxable","11":"shipping-taxable","12":"purchasable","13":"product-type-variable"},"yoast_head":"<!-- This site is optimized with the Yoast SEO plugin v27.2 - https:\/\/yoast.com\/product\/yoast-seo-wordpress\/ -->\n<title>Natives Oliven\u00f6l Extra in der Dose - Azienda agricola Saporito l&#039;olio extravergine di oliva<\/title>\n<meta name=\"robots\" content=\"index, follow, max-snippet:-1, max-image-preview:large, max-video-preview:-1\" \/>\n<link rel=\"canonical\" href=\"https:\/\/www.ilfrantoiosaporito.it\/de\/produkt\/natives-olivenoel-extra-in-der-dose\/\" \/>\n<meta property=\"og:locale\" content=\"de_DE\" \/>\n<meta property=\"og:type\" content=\"article\" \/>\n<meta property=\"og:title\" content=\"Natives Oliven\u00f6l Extra in der Dose - Azienda agricola Saporito l&#039;olio extravergine di oliva\" \/>\n<meta property=\"og:description\" content=\"Bringen Sie den authentischen Geschmack der Sabina auf Ihren Tisch mit unserem biologischen, nativen Oliven\u00f6l extra, gewonnen aus den besten Olivensorten Leccino, Frantoio und Raja, geerntet in der malerischen Region Castelnuovo di Farfa. \ud83c\udf3f Eigenschaften:    Format: Kanister erh\u00e4ltlich in 1L, 3L und 5L  Ernte: Saison 2025\/26  Zertifizierung: 100% Bio und r\u00fcckverfolgbar  Sorten: Leccino, Frantoio, Raja  Herkunft: 100% Italienisch, vom Anbau bis zur Abf\u00fcllung\" \/>\n<meta property=\"og:url\" content=\"https:\/\/www.ilfrantoiosaporito.it\/de\/produkt\/natives-olivenoel-extra-in-der-dose\/\" \/>\n<meta property=\"og:site_name\" content=\"Azienda agricola Saporito l&#039;olio extravergine di oliva\" \/>\n<meta property=\"article:modified_time\" content=\"2025-10-03T04:50:32+00:00\" \/>\n<meta property=\"og:image\" content=\"https:\/\/www.ilfrantoiosaporito.it\/wp-content\/uploads\/2021\/06\/Baratole-4.jpg\" \/>\n\t<meta property=\"og:image:width\" content=\"1000\" \/>\n\t<meta property=\"og:image:height\" content=\"1000\" \/>\n\t<meta property=\"og:image:type\" content=\"image\/jpeg\" \/>\n<meta name=\"twitter:card\" content=\"summary_large_image\" \/>\n<script type=\"application\/ld+json\" class=\"yoast-schema-graph\">{\"@context\":\"https:\/\/schema.org\",\"@graph\":[{\"@type\":\"WebPage\",\"@id\":\"https:\/\/www.ilfrantoiosaporito.it\/de\/produkt\/natives-olivenoel-extra-in-der-dose\/\",\"url\":\"https:\/\/www.ilfrantoiosaporito.it\/de\/produkt\/natives-olivenoel-extra-in-der-dose\/\",\"name\":\"Natives Oliven\u00f6l Extra in der Dose - Azienda agricola Saporito l&#039;olio extravergine di oliva\",\"isPartOf\":{\"@id\":\"https:\/\/www.ilfrantoiosaporito.it\/de\/#website\"},\"primaryImageOfPage\":{\"@id\":\"https:\/\/www.ilfrantoiosaporito.it\/de\/produkt\/natives-olivenoel-extra-in-der-dose\/#primaryimage\"},\"image\":{\"@id\":\"https:\/\/www.ilfrantoiosaporito.it\/de\/produkt\/natives-olivenoel-extra-in-der-dose\/#primaryimage\"},\"thumbnailUrl\":\"https:\/\/www.ilfrantoiosaporito.it\/wp-content\/uploads\/2021\/06\/Baratole-4.jpg\",\"datePublished\":\"2024-01-01T18:16:37+00:00\",\"dateModified\":\"2025-10-03T04:50:32+00:00\",\"breadcrumb\":{\"@id\":\"https:\/\/www.ilfrantoiosaporito.it\/de\/produkt\/natives-olivenoel-extra-in-der-dose\/#breadcrumb\"},\"inLanguage\":\"de\",\"potentialAction\":[{\"@type\":\"ReadAction\",\"target\":[\"https:\/\/www.ilfrantoiosaporito.it\/de\/produkt\/natives-olivenoel-extra-in-der-dose\/\"]}]},{\"@type\":\"ImageObject\",\"inLanguage\":\"de\",\"@id\":\"https:\/\/www.ilfrantoiosaporito.it\/de\/produkt\/natives-olivenoel-extra-in-der-dose\/#primaryimage\",\"url\":\"https:\/\/www.ilfrantoiosaporito.it\/wp-content\/uploads\/2021\/06\/Baratole-4.jpg\",\"contentUrl\":\"https:\/\/www.ilfrantoiosaporito.it\/wp-content\/uploads\/2021\/06\/Baratole-4.jpg\",\"width\":1000,\"height\":1000},{\"@type\":\"BreadcrumbList\",\"@id\":\"https:\/\/www.ilfrantoiosaporito.it\/de\/produkt\/natives-olivenoel-extra-in-der-dose\/#breadcrumb\",\"itemListElement\":[{\"@type\":\"ListItem\",\"position\":1,\"name\":\"Home\",\"item\":\"https:\/\/www.ilfrantoiosaporito.it\/de\/\"},{\"@type\":\"ListItem\",\"position\":2,\"name\":\"Shop\",\"item\":\"https:\/\/www.ilfrantoiosaporito.it\/de\/shop\/\"},{\"@type\":\"ListItem\",\"position\":3,\"name\":\"Natives Oliven\u00f6l Extra in der Dose\"}]},{\"@type\":\"WebSite\",\"@id\":\"https:\/\/www.ilfrantoiosaporito.it\/de\/#website\",\"url\":\"https:\/\/www.ilfrantoiosaporito.it\/de\/\",\"name\":\"Azienda agricola Saporito l&#039;olio extravergine di oliva\",\"description\":\"Azienda Agricola Saporito In Sabina l&#039;olivo \u00e8 coltivato da millenni \",\"potentialAction\":[{\"@type\":\"SearchAction\",\"target\":{\"@type\":\"EntryPoint\",\"urlTemplate\":\"https:\/\/www.ilfrantoiosaporito.it\/de\/?s={search_term_string}\"},\"query-input\":{\"@type\":\"PropertyValueSpecification\",\"valueRequired\":true,\"valueName\":\"search_term_string\"}}],\"inLanguage\":\"de\"}]}<\/script>\n<!-- \/ Yoast SEO plugin. -->","yoast_head_json":{"title":"Natives Oliven\u00f6l Extra in der Dose - Azienda agricola Saporito l&#039;olio extravergine di oliva","robots":{"index":"index","follow":"follow","max-snippet":"max-snippet:-1","max-image-preview":"max-image-preview:large","max-video-preview":"max-video-preview:-1"},"canonical":"https:\/\/www.ilfrantoiosaporito.it\/de\/produkt\/natives-olivenoel-extra-in-der-dose\/","og_locale":"de_DE","og_type":"article","og_title":"Natives Oliven\u00f6l Extra in der Dose - Azienda agricola Saporito l&#039;olio extravergine di oliva","og_description":"Bringen Sie den authentischen Geschmack der Sabina auf Ihren Tisch mit unserem biologischen, nativen Oliven\u00f6l extra, gewonnen aus den besten Olivensorten Leccino, Frantoio und Raja, geerntet in der malerischen Region Castelnuovo di Farfa. \ud83c\udf3f Eigenschaften:    Format: Kanister erh\u00e4ltlich in 1L, 3L und 5L  Ernte: Saison 2025\/26  Zertifizierung: 100% Bio und r\u00fcckverfolgbar  Sorten: Leccino, Frantoio, Raja  Herkunft: 100% Italienisch, vom Anbau bis zur Abf\u00fcllung","og_url":"https:\/\/www.ilfrantoiosaporito.it\/de\/produkt\/natives-olivenoel-extra-in-der-dose\/","og_site_name":"Azienda agricola Saporito l&#039;olio extravergine di oliva","article_modified_time":"2025-10-03T04:50:32+00:00","og_image":[{"width":1000,"height":1000,"url":"https:\/\/www.ilfrantoiosaporito.it\/wp-content\/uploads\/2021\/06\/Baratole-4.jpg","type":"image\/jpeg"}],"twitter_card":"summary_large_image","schema":{"@context":"https:\/\/schema.org","@graph":[{"@type":"WebPage","@id":"https:\/\/www.ilfrantoiosaporito.it\/de\/produkt\/natives-olivenoel-extra-in-der-dose\/","url":"https:\/\/www.ilfrantoiosaporito.it\/de\/produkt\/natives-olivenoel-extra-in-der-dose\/","name":"Natives Oliven\u00f6l Extra in der Dose - Azienda agricola Saporito l&#039;olio extravergine di oliva","isPartOf":{"@id":"https:\/\/www.ilfrantoiosaporito.it\/de\/#website"},"primaryImageOfPage":{"@id":"https:\/\/www.ilfrantoiosaporito.it\/de\/produkt\/natives-olivenoel-extra-in-der-dose\/#primaryimage"},"image":{"@id":"https:\/\/www.ilfrantoiosaporito.it\/de\/produkt\/natives-olivenoel-extra-in-der-dose\/#primaryimage"},"thumbnailUrl":"https:\/\/www.ilfrantoiosaporito.it\/wp-content\/uploads\/2021\/06\/Baratole-4.jpg","datePublished":"2024-01-01T18:16:37+00:00","dateModified":"2025-10-03T04:50:32+00:00","breadcrumb":{"@id":"https:\/\/www.ilfrantoiosaporito.it\/de\/produkt\/natives-olivenoel-extra-in-der-dose\/#breadcrumb"},"inLanguage":"de","potentialAction":[{"@type":"ReadAction","target":["https:\/\/www.ilfrantoiosaporito.it\/de\/produkt\/natives-olivenoel-extra-in-der-dose\/"]}]},{"@type":"ImageObject","inLanguage":"de","@id":"https:\/\/www.ilfrantoiosaporito.it\/de\/produkt\/natives-olivenoel-extra-in-der-dose\/#primaryimage","url":"https:\/\/www.ilfrantoiosaporito.it\/wp-content\/uploads\/2021\/06\/Baratole-4.jpg","contentUrl":"https:\/\/www.ilfrantoiosaporito.it\/wp-content\/uploads\/2021\/06\/Baratole-4.jpg","width":1000,"height":1000},{"@type":"BreadcrumbList","@id":"https:\/\/www.ilfrantoiosaporito.it\/de\/produkt\/natives-olivenoel-extra-in-der-dose\/#breadcrumb","itemListElement":[{"@type":"ListItem","position":1,"name":"Home","item":"https:\/\/www.ilfrantoiosaporito.it\/de\/"},{"@type":"ListItem","position":2,"name":"Shop","item":"https:\/\/www.ilfrantoiosaporito.it\/de\/shop\/"},{"@type":"ListItem","position":3,"name":"Natives Oliven\u00f6l Extra in der Dose"}]},{"@type":"WebSite","@id":"https:\/\/www.ilfrantoiosaporito.it\/de\/#website","url":"https:\/\/www.ilfrantoiosaporito.it\/de\/","name":"Azienda agricola Saporito l&#039;olio extravergine di oliva","description":"Azienda Agricola Saporito In Sabina l&#039;olivo \u00e8 coltivato da millenni ","potentialAction":[{"@type":"SearchAction","target":{"@type":"EntryPoint","urlTemplate":"https:\/\/www.ilfrantoiosaporito.it\/de\/?s={search_term_string}"},"query-input":{"@type":"PropertyValueSpecification","valueRequired":true,"valueName":"search_term_string"}}],"inLanguage":"de"}]}},"_links":{"self":[{"href":"https:\/\/www.ilfrantoiosaporito.it\/de\/wp-json\/wp\/v2\/product\/263410","targetHints":{"allow":["GET"]}}],"collection":[{"href":"https:\/\/www.ilfrantoiosaporito.it\/de\/wp-json\/wp\/v2\/product"}],"about":[{"href":"https:\/\/www.ilfrantoiosaporito.it\/de\/wp-json\/wp\/v2\/types\/product"}],"replies":[{"embeddable":true,"href":"https:\/\/www.ilfrantoiosaporito.it\/de\/wp-json\/wp\/v2\/comments?post=263410"}],"wp:featuredmedia":[{"embeddable":true,"href":"https:\/\/www.ilfrantoiosaporito.it\/de\/wp-json\/wp\/v2\/media\/258677"}],"wp:attachment":[{"href":"https:\/\/www.ilfrantoiosaporito.it\/de\/wp-json\/wp\/v2\/media?parent=263410"}],"wp:term":[{"taxonomy":"product_brand","embeddable":true,"href":"https:\/\/www.ilfrantoiosaporito.it\/de\/wp-json\/wp\/v2\/product_brand?post=263410"},{"taxonomy":"product_cat","embeddable":true,"href":"https:\/\/www.ilfrantoiosaporito.it\/de\/wp-json\/wp\/v2\/product_cat?post=263410"},{"taxonomy":"product_tag","embeddable":true,"href":"https:\/\/www.ilfrantoiosaporito.it\/de\/wp-json\/wp\/v2\/product_tag?post=263410"}],"curies":[{"name":"wp","href":"https:\/\/api.w.org\/{rel}","templated":true}]}}